{"id":4607,"date":"2021-06-10T10:14:32","date_gmt":"2021-06-10T10:14:32","guid":{"rendered":"http:\/\/www.hotel-portasanmamolo.it\/qui-sommes-nous\/"},"modified":"2021-06-23T07:09:11","modified_gmt":"2021-06-23T07:09:11","slug":"qui-sommes-nous","status":"publish","type":"page","link":"https:\/\/www.hotel-portasanmamolo.it\/fr\/qui-sommes-nous\/","title":{"rendered":"Qui sommes-nous"},"content":{"rendered":"\t\t<div data-elementor-type=\"wp-page\" data-elementor-id=\"4607\" class=\"elementor elementor-4607 elementor-196\" data-elementor-post-type=\"page\">\n\t\t\t\t\t\t<section class=\"elementor-section elementor-top-section elementor-element elementor-element-cb56556 elementor-section-height-min-height animated-slow elementor-section-items-bottom elementor-section-boxed elementor-section-height-default elementor-invisible\" data-id=\"cb56556\" data-element_type=\"section\" data-settings=\"{&quot;background_background&quot;:&quot;classic&quot;,&quot;animation&quot;:&quot;fadeIn&quot;}\">\n\t\t\t\t\t\t<div class=\"elementor-container elementor-column-gap-default\">\n\t\t\t\t\t<div class=\"elementor-column elementor-col-100 elementor-top-column elementor-element elementor-element-e82e250\" data-id=\"e82e250\" data-element_type=\"column\">\n\t\t\t<div class=\"elementor-widget-wrap elementor-element-populated\">\n\t\t\t\t\t\t<div class=\"elementor-element elementor-element-e27a2f4 elementor-widget elementor-widget-html\" data-id=\"e27a2f4\" data-element_type=\"widget\" data-widget_type=\"html.default\">\n\t\t\t\t<div class=\"elementor-widget-container\">\n\t\t\t\t\t<div class=\"scroll-down\">\r\n    <a href=\"#storia\">D\u00c9COUVREZ L'HISTOIRE<br \/><i class=\"fa fa-chevron-down\"><\/i><\/a>\r\n<\/div>\t\t\t\t<\/div>\n\t\t\t\t<\/div>\n\t\t\t\t\t<\/div>\n\t\t<\/div>\n\t\t\t\t\t<\/div>\n\t\t<\/section>\n\t\t\t\t<section class=\"elementor-section elementor-top-section elementor-element elementor-element-0ddf134 elementor-section-full_width elementor-section-height-default elementor-section-height-default\" data-id=\"0ddf134\" data-element_type=\"section\">\n\t\t\t\t\t\t<div class=\"elementor-container elementor-column-gap-default\">\n\t\t\t\t\t<div class=\"elementor-column elementor-col-100 elementor-top-column elementor-element elementor-element-9975585\" data-id=\"9975585\" data-element_type=\"column\">\n\t\t\t<div class=\"elementor-widget-wrap elementor-element-populated\">\n\t\t\t\t\t\t<div class=\"elementor-element elementor-element-e25a8ce elementor-widget elementor-widget-spacer\" data-id=\"e25a8ce\" data-element_type=\"widget\" data-widget_type=\"spacer.default\">\n\t\t\t\t<div class=\"elementor-widget-container\">\n\t\t\t\t\t\t\t<div class=\"elementor-spacer\">\n\t\t\t<div class=\"elementor-spacer-inner\"><\/div>\n\t\t<\/div>\n\t\t\t\t\t\t<\/div>\n\t\t\t\t<\/div>\n\t\t\t\t\t<\/div>\n\t\t<\/div>\n\t\t\t\t\t<\/div>\n\t\t<\/section>\n\t\t\t\t<section class=\"elementor-section elementor-top-section elementor-element elementor-element-cb3080e animated-slow elementor-section-boxed elementor-section-height-default elementor-section-height-default elementor-invisible\" data-id=\"cb3080e\" data-element_type=\"section\" id=\"storia\" data-settings=\"{&quot;animation&quot;:&quot;fadeIn&quot;}\">\n\t\t\t\t\t\t<div class=\"elementor-container elementor-column-gap-default\">\n\t\t\t\t\t<div class=\"elementor-column elementor-col-100 elementor-top-column elementor-element elementor-element-e7eb211\" data-id=\"e7eb211\" data-element_type=\"column\">\n\t\t\t<div class=\"elementor-widget-wrap elementor-element-populated\">\n\t\t\t\t\t\t<div class=\"elementor-element elementor-element-f0f3c7b elementor-widget elementor-widget-heading\" data-id=\"f0f3c7b\" data-element_type=\"widget\" data-widget_type=\"heading.default\">\n\t\t\t\t<div class=\"elementor-widget-container\">\n\t\t\t\t\t<h1 class=\"elementor-heading-title elementor-size-default\">Qui sommes-nous<\/h1>\t\t\t\t<\/div>\n\t\t\t\t<\/div>\n\t\t\t\t<div class=\"elementor-element elementor-element-3460604 elementor-view-default elementor-widget elementor-widget-icon\" data-id=\"3460604\" data-element_type=\"widget\" data-widget_type=\"icon.default\">\n\t\t\t\t<div class=\"elementor-widget-container\">\n\t\t\t\t\t\t\t<div class=\"elementor-icon-wrapper\">\n\t\t\t<div class=\"elementor-icon\">\n\t\t\t<svg xmlns=\"http:\/\/www.w3.org\/2000\/svg\" id=\"Livello_1\" data-name=\"Livello 1\" viewBox=\"0 0 220.73 24.64\"><defs><style>.cls-1{fill:#c1c1c1;}.cls-2{fill:#fff;stroke:#c1c1c1;stroke-miterlimit:10;stroke-width:2px;}<\/style><\/defs><circle class=\"cls-1\" cx=\"110.36\" cy=\"12.32\" r=\"12.32\"><\/circle><line class=\"cls-2\" y1=\"12.32\" x2=\"220.73\" y2=\"12.32\"><\/line><\/svg>\t\t\t<\/div>\n\t\t<\/div>\n\t\t\t\t\t\t<\/div>\n\t\t\t\t<\/div>\n\t\t\t\t\t<\/div>\n\t\t<\/div>\n\t\t\t\t\t<\/div>\n\t\t<\/section>\n\t\t\t\t<section class=\"elementor-section elementor-top-section elementor-element elementor-element-c53b50d elementor-section-boxed elementor-section-height-default elementor-section-height-default\" data-id=\"c53b50d\" data-element_type=\"section\">\n\t\t\t\t\t\t<div class=\"elementor-container elementor-column-gap-default\">\n\t\t\t\t\t<div class=\"elementor-column elementor-col-100 elementor-top-column elementor-element elementor-element-c0abb79\" data-id=\"c0abb79\" data-element_type=\"column\">\n\t\t\t<div class=\"elementor-widget-wrap elementor-element-populated\">\n\t\t\t\t\t\t<div class=\"elementor-element elementor-element-a72d8f4 elementor-widget elementor-widget-text-editor\" data-id=\"a72d8f4\" data-element_type=\"widget\" data-widget_type=\"text-editor.default\">\n\t\t\t\t<div class=\"elementor-widget-container\">\n\t\t\t\t\t\t\t\t\t<p>L\u2019<strong>H\u00f4tel Porta San Mamolo<\/strong> se trouve au c\u0153ur de Bologne, ville historique m\u00e9di\u00e9vale unique au monde pour ses 38 km d\u2019arcades et si\u00e8ge de la plus ancienne Universit\u00e9 du monde occidental. L\u2019H\u00f4tel, tel qu\u2019il est connu de nos jours, est inaugur\u00e9 officiellement en 2001 avec 20 chambres apr\u00e8s un r\u00e9am\u00e9nagement et une r\u00e9novation de fond en comble de la structure. Au fil des ans, il s\u2019est de plus en plus agrandi en s\u2019appropriant diff\u00e9rents \u00abblocs\u00bb adjacents \u00e0 l\u2019H\u00f4tel pour parvenir \u00e0 la structure actuelle.<br \/>\nL\u2019H\u00f4tel est divis\u00e9 en quatre blocs diff\u00e9rents : <strong>\u00abFalcone Cloister\u00bb<\/strong> le corps central o\u00f9 se trouve la R\u00e9ception ; <strong>\u00abGarden Court\u00bb<\/strong> il le jardin int\u00e9rieur et c\u0153ur de l\u2019H\u00f4tel qui, gr\u00e2ce \u00e0 la pr\u00e9sence d\u2019une nouvelle vari\u00e9t\u00e9 de plantes et de fleurs particuli\u00e8res, instaure une atmosph\u00e8re magique et reposante. Au centre du Garden Court tr\u00f4ne la nouvelle salle de petit-d\u00e9jeuner <strong>\u00abOrangerie\u00bb<\/strong> ; avec des places \u00e0 l\u2019int\u00e9rieur comme \u00e0 l\u2019ext\u00e9rieur, gr\u00e2ce \u00e0 la nouvelle cour pour la saison printani\u00e8re et estivale, et au fond la <strong>\u00abMirasole Tower\u00bb<\/strong> ainsi d\u00e9nomm\u00e9e en raison de sa forme de tour m\u00e9di\u00e9vale.<\/p>\n\t\t\t\t\t\t\t\t<\/div>\n\t\t\t\t<\/div>\n\t\t\t\t\t<\/div>\n\t\t<\/div>\n\t\t\t\t\t<\/div>\n\t\t<\/section>\n\t\t\t\t<section class=\"elementor-section elementor-top-section elementor-element elementor-element-a868f6f elementor-section-boxed elementor-section-height-default elementor-section-height-default\" data-id=\"a868f6f\" data-element_type=\"section\">\n\t\t\t\t\t\t<div class=\"elementor-container elementor-column-gap-custom\">\n\t\t\t\t\t<div class=\"elementor-column elementor-col-33 elementor-top-column elementor-element elementor-element-6c1286b animated-slow elementor-invisible\" data-id=\"6c1286b\" data-element_type=\"column\" data-settings=\"{&quot;animation&quot;:&quot;fadeInUp&quot;}\">\n\t\t\t<div class=\"elementor-widget-wrap elementor-element-populated\">\n\t\t\t\t\t\t<div class=\"elementor-element elementor-element-24ccfad elementor-widget elementor-widget-image\" data-id=\"24ccfad\" data-element_type=\"widget\" data-widget_type=\"image.default\">\n\t\t\t\t<div class=\"elementor-widget-container\">\n\t\t\t\t\t\t\t\t\t\t\t\t\t\t\t<img fetchpriority=\"high\" decoding=\"async\" width=\"800\" height=\"534\" src=\"https:\/\/www.hotel-portasanmamolo.it\/wp-content\/uploads\/2021\/06\/Reception7-1024x683.jpg\" class=\"attachment-large size-large wp-image-3307\" alt=\"Reception\" srcset=\"https:\/\/www.hotel-portasanmamolo.it\/wp-content\/uploads\/2021\/06\/Reception7-1024x683.jpg 1024w, https:\/\/www.hotel-portasanmamolo.it\/wp-content\/uploads\/2021\/06\/Reception7-300x200.jpg 300w, https:\/\/www.hotel-portasanmamolo.it\/wp-content\/uploads\/2021\/06\/Reception7-768x512.jpg 768w, https:\/\/www.hotel-portasanmamolo.it\/wp-content\/uploads\/2021\/06\/Reception7-1536x1024.jpg 1536w, https:\/\/www.hotel-portasanmamolo.it\/wp-content\/uploads\/2021\/06\/Reception7-2048x1365.jpg 2048w\" sizes=\"(max-width: 800px) 100vw, 800px\" \/>\t\t\t\t\t\t\t\t\t\t\t\t\t\t\t<\/div>\n\t\t\t\t<\/div>\n\t\t\t\t\t<\/div>\n\t\t<\/div>\n\t\t\t\t<div class=\"elementor-column elementor-col-33 elementor-top-column elementor-element elementor-element-304c95e animated-slow elementor-invisible\" data-id=\"304c95e\" data-element_type=\"column\" data-settings=\"{&quot;animation&quot;:&quot;fadeInDown&quot;}\">\n\t\t\t<div class=\"elementor-widget-wrap elementor-element-populated\">\n\t\t\t\t\t\t<div class=\"elementor-element elementor-element-77dffbb elementor-widget elementor-widget-image\" data-id=\"77dffbb\" data-element_type=\"widget\" data-widget_type=\"image.default\">\n\t\t\t\t<div class=\"elementor-widget-container\">\n\t\t\t\t\t\t\t\t\t\t\t\t\t\t\t<img decoding=\"async\" width=\"683\" height=\"1024\" src=\"https:\/\/www.hotel-portasanmamolo.it\/wp-content\/uploads\/2021\/06\/Camera-Superior-min-683x1024.jpg\" class=\"attachment-large size-large wp-image-6165\" alt=\"\" srcset=\"https:\/\/www.hotel-portasanmamolo.it\/wp-content\/uploads\/2021\/06\/Camera-Superior-min-683x1024.jpg 683w, https:\/\/www.hotel-portasanmamolo.it\/wp-content\/uploads\/2021\/06\/Camera-Superior-min-200x300.jpg 200w, https:\/\/www.hotel-portasanmamolo.it\/wp-content\/uploads\/2021\/06\/Camera-Superior-min-768x1152.jpg 768w, https:\/\/www.hotel-portasanmamolo.it\/wp-content\/uploads\/2021\/06\/Camera-Superior-min-1024x1536.jpg 1024w, https:\/\/www.hotel-portasanmamolo.it\/wp-content\/uploads\/2021\/06\/Camera-Superior-min-1365x2048.jpg 1365w, https:\/\/www.hotel-portasanmamolo.it\/wp-content\/uploads\/2021\/06\/Camera-Superior-min-scaled.jpg 1707w\" sizes=\"(max-width: 683px) 100vw, 683px\" \/>\t\t\t\t\t\t\t\t\t\t\t\t\t\t\t<\/div>\n\t\t\t\t<\/div>\n\t\t\t\t\t<\/div>\n\t\t<\/div>\n\t\t\t\t<div class=\"elementor-column elementor-col-33 elementor-top-column elementor-element elementor-element-5709421 animated-slow elementor-invisible\" data-id=\"5709421\" data-element_type=\"column\" data-settings=\"{&quot;animation&quot;:&quot;fadeInUp&quot;}\">\n\t\t\t<div class=\"elementor-widget-wrap elementor-element-populated\">\n\t\t\t\t\t\t<div class=\"elementor-element elementor-element-2ed3669 elementor-widget elementor-widget-image\" data-id=\"2ed3669\" data-element_type=\"widget\" data-widget_type=\"image.default\">\n\t\t\t\t<div class=\"elementor-widget-container\">\n\t\t\t\t\t\t\t\t\t\t\t\t\t\t\t<img decoding=\"async\" width=\"683\" height=\"1024\" src=\"https:\/\/www.hotel-portasanmamolo.it\/wp-content\/uploads\/2021\/06\/Superior-con-Balcone6-min-683x1024.jpg\" class=\"attachment-large size-large wp-image-5970\" alt=\"Superior con Balcone\" srcset=\"https:\/\/www.hotel-portasanmamolo.it\/wp-content\/uploads\/2021\/06\/Superior-con-Balcone6-min-683x1024.jpg 683w, https:\/\/www.hotel-portasanmamolo.it\/wp-content\/uploads\/2021\/06\/Superior-con-Balcone6-min-200x300.jpg 200w, https:\/\/www.hotel-portasanmamolo.it\/wp-content\/uploads\/2021\/06\/Superior-con-Balcone6-min-768x1152.jpg 768w, https:\/\/www.hotel-portasanmamolo.it\/wp-content\/uploads\/2021\/06\/Superior-con-Balcone6-min-1024x1536.jpg 1024w, https:\/\/www.hotel-portasanmamolo.it\/wp-content\/uploads\/2021\/06\/Superior-con-Balcone6-min-1365x2048.jpg 1365w, https:\/\/www.hotel-portasanmamolo.it\/wp-content\/uploads\/2021\/06\/Superior-con-Balcone6-min-scaled.jpg 1707w\" sizes=\"(max-width: 683px) 100vw, 683px\" \/>\t\t\t\t\t\t\t\t\t\t\t\t\t\t\t<\/div>\n\t\t\t\t<\/div>\n\t\t\t\t\t<\/div>\n\t\t<\/div>\n\t\t\t\t\t<\/div>\n\t\t<\/section>\n\t\t\t\t<section class=\"elementor-section elementor-top-section elementor-element elementor-element-fa02b0c elementor-section-boxed elementor-section-height-default elementor-section-height-default\" data-id=\"fa02b0c\" data-element_type=\"section\">\n\t\t\t\t\t\t<div class=\"elementor-container elementor-column-gap-default\">\n\t\t\t\t\t<div class=\"elementor-column elementor-col-50 elementor-top-column elementor-element elementor-element-294f165\" data-id=\"294f165\" data-element_type=\"column\">\n\t\t\t<div class=\"elementor-widget-wrap elementor-element-populated\">\n\t\t\t\t\t\t<div class=\"elementor-element elementor-element-0365245 elementor-widget elementor-widget-heading\" data-id=\"0365245\" data-element_type=\"widget\" data-widget_type=\"heading.default\">\n\t\t\t\t<div class=\"elementor-widget-container\">\n\t\t\t\t\t<h2 class=\"elementor-heading-title elementor-size-default\">L\u2019Histoire<\/h2>\t\t\t\t<\/div>\n\t\t\t\t<\/div>\n\t\t\t\t<div class=\"elementor-element elementor-element-08e4a9b elementor-widget elementor-widget-text-editor\" data-id=\"08e4a9b\" data-element_type=\"widget\" data-widget_type=\"text-editor.default\">\n\t\t\t\t<div class=\"elementor-widget-container\">\n\t\t\t\t\t\t\t\t\t<p>La structure originale de l\u2019H\u00f4tel voit le jour gr\u00e2ce \u00e0 un ancien petit \u00abbourg\u00bb dans le centre historique, r\u00e9sultat d\u2019une intervention qui a su mettre en valeur ses atouts.<\/p>\n<p><strong>La rue \u00abVicolo del Falcone\u00bb et le quartier Santo Stefano, auquel la rue de l\u2019H\u00f4tel fait partie, sont tous deux riches en histoire.<\/strong><\/p>\n<p>L\u2019origine du nom <strong>\u00abVicolo del Falcone\u00bb<\/strong> relativement r\u00e9cente remonte \u00e0 1877.<br \/>\nLa rue fait partie du groupe de rues connu depuis le XIII si\u00e8cle sous le nom de Mirasoli. Le Burgus Miralsolis est en effet document\u00e9 dans les archives m\u00e9di\u00e9vales de 1296\/97.<br \/>\nL\u2019actuelle rue du Falcone est la plus m\u00e9ridionale des trois Mirasoli. Les deux autres sont rue Solferino (soit Mirasol Grande, la plus septentrionale) et la rue Mirasole (soit Mirasole di Mezzo).<\/p>\n<p>Il convientde mentionner la note de Giovanni Zanti, ou bien que les Mirasoli \u00e9taient \u00e9galement d\u00e9nomm\u00e9s Braine. On apprend ainsi qu\u2019au XVI si\u00e8cle, lorsque Giovanni Zanti \u00e9crivait, les Mirasoli \u00e9taient principalement des lieux ouverts et d\u00e9pourvus de constructions, \u00e0 l\u2019instar des \u00abbraine\u00bb, des lieux ouverts, essentiellement des herbages. Tout au long du processus de r\u00e9forme de toponymie de 1873-78, il a \u00e9t\u00e9 initialement d\u00e9cid\u00e9 de remplacer Mirasole di Sopra par \u00abVicolo Mirasole\u00bb, mais le rapport Zoboli Dall\u2019Olio a fait remarquer les risques d\u2019ambig\u00fcit\u00e9 car il y avait d\u00e9j\u00e0 une rue Mirasole (soit Mirasole di Mezzo) et proposa \u00bbVicolo del Falcone\u00bb en avan\u00e7ant comme motif le fait que certaines maisons de cette rue \u00e9taient d\u00e9j\u00e0 connues sous ce nom.<\/p>\n<p>Il n\u2019y a malheureusement pas de preuves \u00e9crites de ces maisons d\u00e9nomm\u00e9es Falcone. L\u2019hypoth\u00e8se de Mario Fanti dans \u00abLe Vie di Bologna. Saggio di Toponomastica Storica\u00bb (I,344) \u00e9voque le fait que le nom d\u00e9rive d\u2019une \u00e9ventuelle enseigne \u00abdel Falcone\u00bb d\u2019un Atelier ou d\u2019une Taverne dans les alentours, mais sans le moindre justificatif documentaire.<\/p>\n\t\t\t\t\t\t\t\t<\/div>\n\t\t\t\t<\/div>\n\t\t\t\t\t<\/div>\n\t\t<\/div>\n\t\t\t\t<div class=\"elementor-column elementor-col-50 elementor-top-column elementor-element elementor-element-4b57798\" data-id=\"4b57798\" data-element_type=\"column\">\n\t\t\t<div class=\"elementor-widget-wrap elementor-element-populated\">\n\t\t\t\t\t\t<div class=\"elementor-element elementor-element-1f20208 elementor-widget elementor-widget-image\" data-id=\"1f20208\" data-element_type=\"widget\" data-widget_type=\"image.default\">\n\t\t\t\t<div class=\"elementor-widget-container\">\n\t\t\t\t\t\t\t\t\t\t\t\t\t\t\t<img loading=\"lazy\" decoding=\"async\" width=\"500\" height=\"769\" src=\"https:\/\/www.hotel-portasanmamolo.it\/wp-content\/uploads\/2021\/06\/image.jpg\" class=\"attachment-large size-large wp-image-3583\" alt=\"storia\" srcset=\"https:\/\/www.hotel-portasanmamolo.it\/wp-content\/uploads\/2021\/06\/image.jpg 500w, https:\/\/www.hotel-portasanmamolo.it\/wp-content\/uploads\/2021\/06\/image-195x300.jpg 195w\" sizes=\"(max-width: 500px) 100vw, 500px\" \/>\t\t\t\t\t\t\t\t\t\t\t\t\t\t\t<\/div>\n\t\t\t\t<\/div>\n\t\t\t\t\t<\/div>\n\t\t<\/div>\n\t\t\t\t\t<\/div>\n\t\t<\/section>\n\t\t\t\t<\/div>\n\t\t","protected":false},"excerpt":{"rendered":"<p>D\u00c9COUVREZ L&rsquo;HISTOIRE Qui sommes-nous L\u2019H\u00f4tel Porta San Mamolo se trouve au c\u0153ur de Bologne, ville historique m\u00e9di\u00e9vale unique au monde pour ses 38 km d\u2019arcades et si\u00e8ge de la plus ancienne Universit\u00e9 du monde occidental. L\u2019H\u00f4tel, tel qu\u2019il est connu de nos jours, est inaugur\u00e9 officiellement en 2001 avec 20 chambres apr\u00e8s un r\u00e9am\u00e9nagement et [&hellip;]<\/p>\n","protected":false},"author":1,"featured_media":0,"parent":0,"menu_order":0,"comment_status":"closed","ping_status":"closed","template":"","meta":{"_acf_changed":false,"footnotes":""},"class_list":["post-4607","page","type-page","status-publish","hentry"],"acf":[],"yoast_head":"<!-- This site is optimized with the Yoast SEO plugin v26.2 - https:\/\/yoast.com\/wordpress\/plugins\/seo\/ -->\n<title>H\u00f4tel 4 \u00e9toiles Porta San Mamolo \u00e0 Bologne - Site Officiel<\/title>\n<meta name=\"description\" content=\"D\u00e9couvrez l&#039;h\u00f4tel 4 \u00e9toiles Porta San Mamolo dans le centre de Bologne. Reserve maintenant.\" \/>\n<meta name=\"robots\" content=\"index, follow, max-snippet:-1, max-image-preview:large, max-video-preview:-1\" \/>\n<link rel=\"canonical\" href=\"https:\/\/www.hotel-portasanmamolo.it\/fr\/qui-sommes-nous\/\" \/>\n<meta property=\"og:locale\" content=\"fr_FR\" \/>\n<meta property=\"og:type\" content=\"article\" \/>\n<meta property=\"og:title\" content=\"H\u00f4tel 4 \u00e9toiles Porta San Mamolo \u00e0 Bologne - Site Officiel\" \/>\n<meta property=\"og:description\" content=\"D\u00e9couvrez l&#039;h\u00f4tel 4 \u00e9toiles Porta San Mamolo dans le centre de Bologne. Reserve maintenant.\" \/>\n<meta property=\"og:url\" content=\"https:\/\/www.hotel-portasanmamolo.it\/fr\/qui-sommes-nous\/\" \/>\n<meta property=\"og:site_name\" content=\"Hotel Porta San Mamolo\" \/>\n<meta property=\"article:modified_time\" content=\"2021-06-23T07:09:11+00:00\" \/>\n<meta property=\"og:image\" content=\"https:\/\/www.hotel-portasanmamolo.it\/wp-content\/uploads\/2021\/06\/Reception7-1024x683.jpg\" \/>\n<meta name=\"twitter:card\" content=\"summary_large_image\" \/>\n<meta name=\"twitter:label1\" content=\"Dur\u00e9e de lecture estim\u00e9e\" \/>\n\t<meta name=\"twitter:data1\" content=\"3 minutes\" \/>\n<script type=\"application\/ld+json\" class=\"yoast-schema-graph\">{\"@context\":\"https:\/\/schema.org\",\"@graph\":[{\"@type\":\"WebPage\",\"@id\":\"https:\/\/www.hotel-portasanmamolo.it\/chi-siamo\/\",\"url\":\"https:\/\/www.hotel-portasanmamolo.it\/fr\/qui-sommes-nous\/\",\"name\":\"H\u00f4tel 4 \u00e9toiles Porta San Mamolo \u00e0 Bologne - Site Officiel\",\"isPartOf\":{\"@id\":\"https:\/\/www.hotel-portasanmamolo.it\/#website\"},\"primaryImageOfPage\":{\"@id\":\"https:\/\/www.hotel-portasanmamolo.it\/fr\/qui-sommes-nous\/#primaryimage\"},\"image\":{\"@id\":\"https:\/\/www.hotel-portasanmamolo.it\/fr\/qui-sommes-nous\/#primaryimage\"},\"thumbnailUrl\":\"https:\/\/www.hotel-portasanmamolo.it\/wp-content\/uploads\/2021\/06\/Reception7-1024x683.jpg\",\"datePublished\":\"2021-06-10T10:14:32+00:00\",\"dateModified\":\"2021-06-23T07:09:11+00:00\",\"description\":\"D\u00e9couvrez l'h\u00f4tel 4 \u00e9toiles Porta San Mamolo dans le centre de Bologne. Reserve maintenant.\",\"breadcrumb\":{\"@id\":\"https:\/\/www.hotel-portasanmamolo.it\/fr\/qui-sommes-nous\/#breadcrumb\"},\"inLanguage\":\"fr-FR\",\"potentialAction\":[{\"@type\":\"ReadAction\",\"target\":[\"https:\/\/www.hotel-portasanmamolo.it\/fr\/qui-sommes-nous\/\"]}]},{\"@type\":\"ImageObject\",\"inLanguage\":\"fr-FR\",\"@id\":\"https:\/\/www.hotel-portasanmamolo.it\/fr\/qui-sommes-nous\/#primaryimage\",\"url\":\"https:\/\/www.hotel-portasanmamolo.it\/wp-content\/uploads\/2021\/06\/Reception7-1024x683.jpg\",\"contentUrl\":\"https:\/\/www.hotel-portasanmamolo.it\/wp-content\/uploads\/2021\/06\/Reception7-1024x683.jpg\"},{\"@type\":\"BreadcrumbList\",\"@id\":\"https:\/\/www.hotel-portasanmamolo.it\/fr\/qui-sommes-nous\/#breadcrumb\",\"itemListElement\":[{\"@type\":\"ListItem\",\"position\":1,\"name\":\"Home\",\"item\":\"https:\/\/www.hotel-portasanmamolo.it\/fr\/\"},{\"@type\":\"ListItem\",\"position\":2,\"name\":\"Qui sommes-nous\"}]},{\"@type\":\"WebSite\",\"@id\":\"https:\/\/www.hotel-portasanmamolo.it\/#website\",\"url\":\"https:\/\/www.hotel-portasanmamolo.it\/\",\"name\":\"Hotel Porta San Mamolo\",\"description\":\"Hotel storico nel cuore di bologna\",\"publisher\":{\"@id\":\"https:\/\/www.hotel-portasanmamolo.it\/#organization\"},\"potentialAction\":[{\"@type\":\"SearchAction\",\"target\":{\"@type\":\"EntryPoint\",\"urlTemplate\":\"https:\/\/www.hotel-portasanmamolo.it\/?s={search_term_string}\"},\"query-input\":{\"@type\":\"PropertyValueSpecification\",\"valueRequired\":true,\"valueName\":\"search_term_string\"}}],\"inLanguage\":\"fr-FR\"},{\"@type\":\"Organization\",\"@id\":\"https:\/\/www.hotel-portasanmamolo.it\/#organization\",\"name\":\"Hotel Porta San Mamolo\",\"url\":\"https:\/\/www.hotel-portasanmamolo.it\/\",\"logo\":{\"@type\":\"ImageObject\",\"inLanguage\":\"fr-FR\",\"@id\":\"https:\/\/www.hotel-portasanmamolo.it\/#\/schema\/logo\/image\/\",\"url\":\"https:\/\/www.hotel-portasanmamolo.it\/wp-content\/uploads\/2021\/05\/logo-hpsm-ricostruito-gold-1.png\",\"contentUrl\":\"https:\/\/www.hotel-portasanmamolo.it\/wp-content\/uploads\/2021\/05\/logo-hpsm-ricostruito-gold-1.png\",\"width\":326,\"height\":363,\"caption\":\"Hotel Porta San Mamolo\"},\"image\":{\"@id\":\"https:\/\/www.hotel-portasanmamolo.it\/#\/schema\/logo\/image\/\"}}]}<\/script>\n<!-- \/ Yoast SEO plugin. -->","yoast_head_json":{"title":"H\u00f4tel 4 \u00e9toiles Porta San Mamolo \u00e0 Bologne - Site Officiel","description":"D\u00e9couvrez l'h\u00f4tel 4 \u00e9toiles Porta San Mamolo dans le centre de Bologne. Reserve maintenant.","robots":{"index":"index","follow":"follow","max-snippet":"max-snippet:-1","max-image-preview":"max-image-preview:large","max-video-preview":"max-video-preview:-1"},"canonical":"https:\/\/www.hotel-portasanmamolo.it\/fr\/qui-sommes-nous\/","og_locale":"fr_FR","og_type":"article","og_title":"H\u00f4tel 4 \u00e9toiles Porta San Mamolo \u00e0 Bologne - Site Officiel","og_description":"D\u00e9couvrez l'h\u00f4tel 4 \u00e9toiles Porta San Mamolo dans le centre de Bologne. Reserve maintenant.","og_url":"https:\/\/www.hotel-portasanmamolo.it\/fr\/qui-sommes-nous\/","og_site_name":"Hotel Porta San Mamolo","article_modified_time":"2021-06-23T07:09:11+00:00","og_image":[{"url":"https:\/\/www.hotel-portasanmamolo.it\/wp-content\/uploads\/2021\/06\/Reception7-1024x683.jpg","type":"","width":"","height":""}],"twitter_card":"summary_large_image","twitter_misc":{"Dur\u00e9e de lecture estim\u00e9e":"3 minutes"},"schema":{"@context":"https:\/\/schema.org","@graph":[{"@type":"WebPage","@id":"https:\/\/www.hotel-portasanmamolo.it\/chi-siamo\/","url":"https:\/\/www.hotel-portasanmamolo.it\/fr\/qui-sommes-nous\/","name":"H\u00f4tel 4 \u00e9toiles Porta San Mamolo \u00e0 Bologne - Site Officiel","isPartOf":{"@id":"https:\/\/www.hotel-portasanmamolo.it\/#website"},"primaryImageOfPage":{"@id":"https:\/\/www.hotel-portasanmamolo.it\/fr\/qui-sommes-nous\/#primaryimage"},"image":{"@id":"https:\/\/www.hotel-portasanmamolo.it\/fr\/qui-sommes-nous\/#primaryimage"},"thumbnailUrl":"https:\/\/www.hotel-portasanmamolo.it\/wp-content\/uploads\/2021\/06\/Reception7-1024x683.jpg","datePublished":"2021-06-10T10:14:32+00:00","dateModified":"2021-06-23T07:09:11+00:00","description":"D\u00e9couvrez l'h\u00f4tel 4 \u00e9toiles Porta San Mamolo dans le centre de Bologne. Reserve maintenant.","breadcrumb":{"@id":"https:\/\/www.hotel-portasanmamolo.it\/fr\/qui-sommes-nous\/#breadcrumb"},"inLanguage":"fr-FR","potentialAction":[{"@type":"ReadAction","target":["https:\/\/www.hotel-portasanmamolo.it\/fr\/qui-sommes-nous\/"]}]},{"@type":"ImageObject","inLanguage":"fr-FR","@id":"https:\/\/www.hotel-portasanmamolo.it\/fr\/qui-sommes-nous\/#primaryimage","url":"https:\/\/www.hotel-portasanmamolo.it\/wp-content\/uploads\/2021\/06\/Reception7-1024x683.jpg","contentUrl":"https:\/\/www.hotel-portasanmamolo.it\/wp-content\/uploads\/2021\/06\/Reception7-1024x683.jpg"},{"@type":"BreadcrumbList","@id":"https:\/\/www.hotel-portasanmamolo.it\/fr\/qui-sommes-nous\/#breadcrumb","itemListElement":[{"@type":"ListItem","position":1,"name":"Home","item":"https:\/\/www.hotel-portasanmamolo.it\/fr\/"},{"@type":"ListItem","position":2,"name":"Qui sommes-nous"}]},{"@type":"WebSite","@id":"https:\/\/www.hotel-portasanmamolo.it\/#website","url":"https:\/\/www.hotel-portasanmamolo.it\/","name":"Hotel Porta San Mamolo","description":"Hotel storico nel cuore di bologna","publisher":{"@id":"https:\/\/www.hotel-portasanmamolo.it\/#organization"},"potentialAction":[{"@type":"SearchAction","target":{"@type":"EntryPoint","urlTemplate":"https:\/\/www.hotel-portasanmamolo.it\/?s={search_term_string}"},"query-input":{"@type":"PropertyValueSpecification","valueRequired":true,"valueName":"search_term_string"}}],"inLanguage":"fr-FR"},{"@type":"Organization","@id":"https:\/\/www.hotel-portasanmamolo.it\/#organization","name":"Hotel Porta San Mamolo","url":"https:\/\/www.hotel-portasanmamolo.it\/","logo":{"@type":"ImageObject","inLanguage":"fr-FR","@id":"https:\/\/www.hotel-portasanmamolo.it\/#\/schema\/logo\/image\/","url":"https:\/\/www.hotel-portasanmamolo.it\/wp-content\/uploads\/2021\/05\/logo-hpsm-ricostruito-gold-1.png","contentUrl":"https:\/\/www.hotel-portasanmamolo.it\/wp-content\/uploads\/2021\/05\/logo-hpsm-ricostruito-gold-1.png","width":326,"height":363,"caption":"Hotel Porta San Mamolo"},"image":{"@id":"https:\/\/www.hotel-portasanmamolo.it\/#\/schema\/logo\/image\/"}}]}},"_links":{"self":[{"href":"https:\/\/www.hotel-portasanmamolo.it\/fr\/wp-json\/wp\/v2\/pages\/4607","targetHints":{"allow":["GET"]}}],"collection":[{"href":"https:\/\/www.hotel-portasanmamolo.it\/fr\/wp-json\/wp\/v2\/pages"}],"about":[{"href":"https:\/\/www.hotel-portasanmamolo.it\/fr\/wp-json\/wp\/v2\/types\/page"}],"author":[{"embeddable":true,"href":"https:\/\/www.hotel-portasanmamolo.it\/fr\/wp-json\/wp\/v2\/users\/1"}],"replies":[{"embeddable":true,"href":"https:\/\/www.hotel-portasanmamolo.it\/fr\/wp-json\/wp\/v2\/comments?post=4607"}],"version-history":[{"count":5,"href":"https:\/\/www.hotel-portasanmamolo.it\/fr\/wp-json\/wp\/v2\/pages\/4607\/revisions"}],"predecessor-version":[{"id":6246,"href":"https:\/\/www.hotel-portasanmamolo.it\/fr\/wp-json\/wp\/v2\/pages\/4607\/revisions\/6246"}],"wp:attachment":[{"href":"https:\/\/www.hotel-portasanmamolo.it\/fr\/wp-json\/wp\/v2\/media?parent=4607"}],"curies":[{"name":"wp","href":"https:\/\/api.w.org\/{rel}","templated":true}]}}